{"id":29696,"date":"2025-03-01T13:12:04","date_gmt":"2025-03-01T12:12:04","guid":{"rendered":"https:\/\/aare-huesi.ch\/maison-de-groupe-aare-huesi-berne\/"},"modified":"2026-04-21T11:30:55","modified_gmt":"2026-04-21T09:30:55","slug":"maison-de-groupe-aare-huesi-berne","status":"publish","type":"page","link":"https:\/\/aare-huesi.ch\/fr\/","title":{"rendered":"Maison de groupe Aare-H\u00fcsi Berne"},"content":{"rendered":"\n<div class=\"wp-block-group alignfull has-global-padding is-layout-constrained wp-block-group-is-layout-constrained\">\n<div class=\"wp-block-cover alignfull has-custom-content-position is-position-center-left\" style=\"padding-top:0;padding-right:0;padding-bottom:0;padding-left:0;min-height:100vh;aspect-ratio:unset;\"><img loading=\"lazy\" decoding=\"async\" width=\"2560\" height=\"1707\" class=\"wp-block-cover__image-background wp-image-28945\" alt=\"\" src=\"https:\/\/aare-huesi.ch\/wp-content\/uploads\/2024\/10\/huesi-draussen-TODO-size-scaled.jpg\" data-object-fit=\"cover\" srcset=\"https:\/\/aare-huesi.ch\/wp-content\/uploads\/2024\/10\/huesi-draussen-TODO-size-scaled.jpg 2560w, https:\/\/aare-huesi.ch\/wp-content\/uploads\/2024\/10\/huesi-draussen-TODO-size-300x200.jpg 300w, https:\/\/aare-huesi.ch\/wp-content\/uploads\/2024\/10\/huesi-draussen-TODO-size-1024x683.jpg 1024w, https:\/\/aare-huesi.ch\/wp-content\/uploads\/2024\/10\/huesi-draussen-TODO-size-768x512.jpg 768w, https:\/\/aare-huesi.ch\/wp-content\/uploads\/2024\/10\/huesi-draussen-TODO-size-1536x1024.jpg 1536w, https:\/\/aare-huesi.ch\/wp-content\/uploads\/2024\/10\/huesi-draussen-TODO-size-2048x1365.jpg 2048w\" sizes=\"auto, (max-width: 2560px) 100vw, 2560px\" \/><span aria-hidden=\"true\" class=\"wp-block-cover__background has-accent-5-background-color has-background-dim-0 has-background-dim\"><\/span><div class=\"wp-block-cover__inner-container is-layout-flow wp-block-cover-is-layout-flow\">\n<div class=\"wp-block-group cover-title has-global-padding is-layout-constrained wp-block-group-is-layout-constrained\">\n<h2 class=\"wp-block-heading has-text-align-left is-style-default has-marker-bg site-title has-base-2-color has-text-color has-link-color wp-elements-a5b34ca36a15cb0fb39fe33993ed8c30\">La maison de groupe au bord de l&rsquo;Aar<\/h2>\n\n\n\n<p class=\"has-text-align-left has-marker-bg site-subtitle has-base-2-color has-text-color has-link-color wp-elements-f1296555c94879b62ac00706489e8160\">Dans la r\u00e9serve naturelle de Belpau pr\u00e8s de Berne<\/p>\n<\/div>\n\n\n\n<div class=\"wp-block-buttons is-layout-flex wp-container-core-buttons-is-layout-1b175028 wp-block-buttons-is-layout-flex\" style=\"margin-top:var(--wp--preset--spacing--30);margin-bottom:var(--wp--preset--spacing--30)\">\n<div class=\"wp-block-button\"><a class=\"wp-block-button__link wp-element-button\" href=\"https:\/\/www.groups.swiss\/de\/leisure\/Aare-Husi-Belp-962321\" style=\"text-transform:capitalize\" target=\"_blank\" rel=\"noreferrer noopener\">Disponibilit\u00e9<\/a><\/div>\n<\/div>\n<\/div><\/div>\n<\/div>\n\n\n\n<div style=\"height:1.6em\" aria-hidden=\"true\" class=\"wp-block-spacer\"><\/div>\n\n\n\n<div class=\"wp-block-columns has-accent-5-background-color has-background is-layout-flex wp-container-core-columns-is-layout-ca951973 wp-block-columns-is-layout-flex\" style=\"margin-top:var(--wp--preset--spacing--30);margin-bottom:var(--wp--preset--spacing--30);padding-top:0;padding-right:0;padding-bottom:0;padding-left:0\">\n<div class=\"wp-block-column is-layout-flow wp-block-column-is-layout-flow\" style=\"padding-top:var(--wp--preset--spacing--10);padding-right:var(--wp--preset--spacing--20);padding-bottom:var(--wp--preset--spacing--10);padding-left:0;flex-basis:50%\">\n<div class=\"wp-block-group is-vertical is-content-justification-stretch is-layout-flex wp-container-core-group-is-layout-5621715d wp-block-group-is-layout-flex\">\n<h2 class=\"wp-block-heading\">Bienvenue \u00e0 l&rsquo;Aare-H\u00fcsi<\/h2>\n\n\n\n<p style=\"padding-right:var(--wp--preset--spacing--20)\">La maison de groupe Aare-H\u00fcsi est situ\u00e9e dans la r\u00e9serve naturelle de Belpau pr\u00e8s de Berne &#8211; proche de la ville et pourtant en pleine nature.<\/p>\n\n\n\n<p style=\"padding-right:var(--wp--preset--spacing--20)\">C&rsquo;est un lieu id\u00e9al pour les semaines d&rsquo;\u00e9cole de campagne, les camps de vacances et de confirmation, les vacances en famille et les \u00e9v\u00e9nements familiaux. Les cours, ateliers et manifestations avec des enfants et des jeunes sont \u00e9galement les bienvenus. <\/p>\n\n\n\n<p>La maison de groupe Aare-H\u00fcsi est g\u00e9r\u00e9e par la <a data-type=\"page\" data-id=\"29182\" href=\"https:\/\/aare-huesi.ch\/stiftung\/\">Stiftung Kinderfreunde Bern<\/a><\/p>\n<\/div>\n<\/div>\n\n\n\n<div class=\"wp-block-column is-layout-flow wp-container-core-column-is-layout-b2a27621 wp-block-column-is-layout-flow\" style=\"padding-top:0;padding-right:0;padding-bottom:0;padding-left:0;flex-basis:50%\">\n<figure class=\"wp-block-image size-large has-custom-border\"><img loading=\"lazy\" decoding=\"async\" width=\"1920\" height=\"1920\" src=\"https:\/\/aare-huesi.ch\/wp-content\/uploads\/2024\/11\/Grosse_Wiese_mit_Feuerstelle_Ferienhaus_Huesi_Belp-scaled-1-edited.jpg\" alt=\"\" class=\"wp-image-29375\" style=\"border-style:none;border-width:0px\" srcset=\"https:\/\/aare-huesi.ch\/wp-content\/uploads\/2024\/11\/Grosse_Wiese_mit_Feuerstelle_Ferienhaus_Huesi_Belp-scaled-1-edited.jpg 1920w, https:\/\/aare-huesi.ch\/wp-content\/uploads\/2024\/11\/Grosse_Wiese_mit_Feuerstelle_Ferienhaus_Huesi_Belp-scaled-1-edited-300x300.jpg 300w, https:\/\/aare-huesi.ch\/wp-content\/uploads\/2024\/11\/Grosse_Wiese_mit_Feuerstelle_Ferienhaus_Huesi_Belp-scaled-1-edited-1024x1024.jpg 1024w, https:\/\/aare-huesi.ch\/wp-content\/uploads\/2024\/11\/Grosse_Wiese_mit_Feuerstelle_Ferienhaus_Huesi_Belp-scaled-1-edited-150x150.jpg 150w, https:\/\/aare-huesi.ch\/wp-content\/uploads\/2024\/11\/Grosse_Wiese_mit_Feuerstelle_Ferienhaus_Huesi_Belp-scaled-1-edited-768x768.jpg 768w, https:\/\/aare-huesi.ch\/wp-content\/uploads\/2024\/11\/Grosse_Wiese_mit_Feuerstelle_Ferienhaus_Huesi_Belp-scaled-1-edited-1536x1536.jpg 1536w\" sizes=\"auto, (max-width: 1920px) 100vw, 1920px\" \/><\/figure>\n<\/div>\n<\/div>\n\n\n\n<div class=\"wp-block-columns alignfull has-accent-background-color has-background is-layout-flex wp-container-core-columns-is-layout-309e73c6 wp-block-columns-is-layout-flex\" id=\"ausstattung\" style=\"margin-top:var(--wp--preset--spacing--40);margin-bottom:var(--wp--preset--spacing--40);padding-top:0;padding-right:0;padding-bottom:0;padding-left:0\">\n<div class=\"wp-block-column minheight-20 is-layout-flow wp-block-column-is-layout-flow\" style=\"flex-basis:50%\">\n<div class=\"wp-block-cover\" style=\"margin-top:0;margin-bottom:0;min-height:100%;aspect-ratio:unset;\"><img loading=\"lazy\" decoding=\"async\" width=\"2560\" height=\"1707\" class=\"wp-block-cover__image-background wp-image-28942\" alt=\"\" src=\"https:\/\/aare-huesi.ch\/wp-content\/uploads\/2024\/10\/LUGG-2021-Huesi-Belp-Schlafsaal-oben-007-Print-scaled.jpg\" data-object-fit=\"cover\" srcset=\"https:\/\/aare-huesi.ch\/wp-content\/uploads\/2024\/10\/LUGG-2021-Huesi-Belp-Schlafsaal-oben-007-Print-scaled.jpg 2560w, https:\/\/aare-huesi.ch\/wp-content\/uploads\/2024\/10\/LUGG-2021-Huesi-Belp-Schlafsaal-oben-007-Print-300x200.jpg 300w, https:\/\/aare-huesi.ch\/wp-content\/uploads\/2024\/10\/LUGG-2021-Huesi-Belp-Schlafsaal-oben-007-Print-1024x683.jpg 1024w, https:\/\/aare-huesi.ch\/wp-content\/uploads\/2024\/10\/LUGG-2021-Huesi-Belp-Schlafsaal-oben-007-Print-768x512.jpg 768w, https:\/\/aare-huesi.ch\/wp-content\/uploads\/2024\/10\/LUGG-2021-Huesi-Belp-Schlafsaal-oben-007-Print-1536x1024.jpg 1536w, https:\/\/aare-huesi.ch\/wp-content\/uploads\/2024\/10\/LUGG-2021-Huesi-Belp-Schlafsaal-oben-007-Print-2048x1365.jpg 2048w\" sizes=\"auto, (max-width: 2560px) 100vw, 2560px\" \/><span aria-hidden=\"true\" class=\"wp-block-cover__background has-background-dim-0 has-background-dim\" style=\"background-color:#8f726c\"><\/span><div class=\"wp-block-cover__inner-container is-layout-flow wp-block-cover-is-layout-flow\">\n<p class=\"has-text-align-center has-large-font-size\"><\/p>\n<\/div><\/div>\n<\/div>\n\n\n\n<div class=\"wp-block-column has-global-padding is-content-justification-center is-layout-constrained wp-block-column-is-layout-constrained\" style=\"padding-top:var(--wp--preset--spacing--20);padding-bottom:var(--wp--preset--spacing--20);flex-basis:50%\">\n<div class=\"wp-block-group is-vertical is-content-justification-left is-layout-flex wp-container-core-group-is-layout-e596a7c7 wp-block-group-is-layout-flex\" style=\"min-height:0px;margin-top:0;margin-bottom:0;padding-top:var(--wp--preset--spacing--40);padding-right:var(--wp--preset--spacing--40);padding-bottom:var(--wp--preset--spacing--40);padding-left:var(--wp--preset--spacing--40)\">\n<h2 class=\"wp-block-heading has-text-align-center is-style-default\" style=\"padding-top:0;padding-bottom:var(--wp--preset--spacing--20)\">En bref<\/h2>\n\n\n\n<div class=\"wp-block-group is-horizontal is-nowrap is-layout-flex wp-container-core-group-is-layout-6233678a wp-block-group-is-layout-flex\" style=\"min-height:100%;margin-top:0;margin-bottom:var(--wp--preset--spacing--10);padding-top:0;padding-right:0;padding-bottom:0;padding-left:0\"><i class=\"ph ph-regular ph-bed\" style=\"color:black;font-size:32px;\"><\/i>\n\n\n\n<p>30 places de couchage<\/p>\n<\/div>\n\n\n\n<div class=\"wp-block-group is-horizontal is-nowrap is-layout-flex wp-container-core-group-is-layout-6233678a wp-block-group-is-layout-flex\" style=\"min-height:100%;margin-top:0;margin-bottom:var(--wp--preset--spacing--10);padding-top:0;padding-right:0;padding-bottom:0;padding-left:0\"><i class=\"ph ph-regular ph-fork-knife\" style=\"color:black;font-size:32px;\"><\/i>\n\n\n\n<p>Tables, chaises et vaisselle pour 40 personnes<\/p>\n<\/div>\n\n\n\n<div class=\"wp-block-group is-horizontal is-nowrap is-layout-flex wp-container-core-group-is-layout-6233678a wp-block-group-is-layout-flex\" style=\"min-height:100%;margin-top:0;margin-bottom:var(--wp--preset--spacing--10);padding-top:0;padding-right:0;padding-bottom:0;padding-left:0\"><i class=\"ph ph-regular ph-users-three\" style=\"color:black;font-size:32px;\"><\/i>\n\n\n\n<p>Grande salle commune<\/p>\n<\/div>\n\n\n\n<div class=\"wp-block-group is-horizontal is-nowrap is-layout-flex wp-container-core-group-is-layout-6233678a wp-block-group-is-layout-flex\" style=\"min-height:100%;margin-top:0;margin-bottom:var(--wp--preset--spacing--10);padding-top:0;padding-right:0;padding-bottom:0;padding-left:0\"><i class=\"ph ph-regular ph-sun\" style=\"color:black;font-size:32px;\"><\/i>\n\n\n\n<p>V\u00e9randa couverte<\/p>\n<\/div>\n\n\n\n<div class=\"wp-block-group is-horizontal is-nowrap is-layout-flex wp-container-core-group-is-layout-6233678a wp-block-group-is-layout-flex\" style=\"min-height:100%;margin-top:0;margin-bottom:var(--wp--preset--spacing--10);padding-top:0;padding-right:0;padding-bottom:0;padding-left:0\"><i class=\"ph ph-regular ph-fork-knife\" style=\"color:black;font-size:32px;\"><\/i>\n\n\n\n<p>Cuisine bien \u00e9quip\u00e9e avec lave-vaisselle<\/p>\n<\/div>\n\n\n\n<div class=\"wp-block-group is-horizontal is-nowrap is-layout-flex wp-container-core-group-is-layout-6233678a wp-block-group-is-layout-flex\" style=\"min-height:100%;margin-top:0;margin-bottom:var(--wp--preset--spacing--10);padding-top:0;padding-right:0;padding-bottom:0;padding-left:0\"><i class=\"ph ph-regular ph-toilet\" style=\"color:black;font-size:32px;\"><\/i>\n\n\n\n<p>Deux cabines de toilettes<\/p>\n<\/div>\n\n\n\n<div class=\"wp-block-group is-horizontal is-nowrap is-layout-flex wp-container-core-group-is-layout-6233678a wp-block-group-is-layout-flex\" style=\"min-height:100%;margin-top:0;margin-bottom:var(--wp--preset--spacing--10);padding-top:0;padding-right:0;padding-bottom:0;padding-left:0\"><i class=\"ph ph-regular ph-shower\" style=\"color:black;font-size:32px;\"><\/i>\n\n\n\n<p>Trois salles d&rsquo;eau avec douches<\/p>\n<\/div>\n\n\n\n<div class=\"wp-block-group is-horizontal is-nowrap is-layout-flex wp-container-core-group-is-layout-1625f21c wp-block-group-is-layout-flex\" style=\"min-height:100%;margin-top:0;margin-bottom:0;padding-top:0;padding-right:0;padding-bottom:0;padding-left:0\"><i class=\"ph ph-regular ph-wheelchair\" style=\"color:black;font-size:32px;\"><\/i>\n\n\n\n<p>L&rsquo;acc\u00e8s \u00e0 la maison et le rez-de-chauss\u00e9e sont accessibles en fauteuil roulant<\/p>\n<\/div>\n\n\n\n<div style=\"height:0px\" aria-hidden=\"true\" class=\"wp-block-spacer wp-container-content-be9105f3\"><\/div>\n<\/div>\n<\/div>\n<\/div>\n\n\n\n<div class=\"wp-block-columns has-accent-5-background-color has-background is-layout-flex wp-container-core-columns-is-layout-7b34ebeb wp-block-columns-is-layout-flex\" id=\"raeume\" style=\"margin-top:var(--wp--preset--spacing--50);margin-bottom:var(--wp--preset--spacing--40);padding-top:var(--wp--preset--spacing--20);padding-right:0;padding-bottom:var(--wp--preset--spacing--20);padding-left:0\">\n<div class=\"wp-block-column is-layout-flow wp-block-column-is-layout-flow\" style=\"padding-top:var(--wp--preset--spacing--10);padding-right:0;padding-bottom:var(--wp--preset--spacing--10);padding-left:0;flex-basis:50%\">\n<div class=\"wp-block-group is-vertical is-layout-flex wp-container-core-group-is-layout-80a5cfb4 wp-block-group-is-layout-flex\" style=\"padding-top:var(--wp--preset--spacing--20);padding-right:var(--wp--preset--spacing--20);padding-bottom:var(--wp--preset--spacing--20);padding-left:var(--wp--preset--spacing--20)\">\n<h2 class=\"wp-block-heading\">Espace<\/h2>\n\n\n\n<p>Les places de couchage sont r\u00e9parties en trois chambres de 2 et une de 8 au rez-de-chauss\u00e9e et en un dortoir de 16 places dans les combles. Une chambre \u00e0 2 lits au rez-de-chauss\u00e9e est sp\u00e9cialement adapt\u00e9e aux chaises roulantes. <\/p>\n\n\n\n<p>Le H\u00fcsi dispose d&rsquo;une grande salle commune qui sert aussi de salle \u00e0 manger.<\/p>\n\n\n\n<p>Tous les locaux sanitaires se trouvent au rez-de-chauss\u00e9e. Deux cabines de WC avec lavabo dans l\u2019entr\u00e9e et deux salles d&rsquo;eau avec chacune une douche. Une salle d&rsquo;eau suppl\u00e9mentaire avec douche et WC est \u00e9quip\u00e9e pour les personnes en fauteuil roulant. En 2021, l&rsquo;Aare-H\u00fcsi a \u00e9t\u00e9 partiellement r\u00e9nov\u00e9.   <\/p>\n<\/div>\n<\/div>\n\n\n\n<div class=\"wp-block-column is-layout-flow wp-block-column-is-layout-flow\" style=\"padding-right:0;padding-left:0;flex-basis:50%\">\n<div class=\"wp-block-slider-block-slider-block\"><div class=\"eb-parent-wrapper eb-parent-eb-slider-2lxat \"><div class=\"eb-slider-wrapper eb-slider-2lxat\" data-settings=\"{&quot;arrows&quot;:true,&quot;adaptiveHeight&quot;:false,&quot;autoplay&quot;:false,&quot;autoplaySpeed&quot;:3000,&quot;dots&quot;:true,&quot;fade&quot;:false,&quot;infinite&quot;:true,&quot;pauseOnHover&quot;:false,&quot;slidesToShow&quot;:1,&quot;speed&quot;:500,&quot;vertical&quot;:false,&quot;currentSlide&quot;:0,&quot;rtl&quot;:false,&quot;responsive&quot;:[{&quot;breakpoint&quot;:1025,&quot;settings&quot;:{&quot;slidesToShow&quot;:1}},{&quot;breakpoint&quot;:767,&quot;settings&quot;:{&quot;slidesToShow&quot;:1}}]}\" data-images=\"[{&quot;url&quot;:&quot;https:\/\/aare-huesi.ch\/wp-content\/uploads\/2024\/10\/LUGG-2021-Huesi-Belp-Zweibettzimmer-2-003-Print-scaled.jpg&quot;,&quot;alt&quot;:&quot;&quot;,&quot;id&quot;:0,&quot;imageId&quot;:28944,&quot;caption&quot;:&quot;&quot;,&quot;title&quot;:&quot;Slider 6&quot;,&quot;subtitle&quot;:&quot;Essential Blocks Slider Subtitle&quot;,&quot;showButton&quot;:true,&quot;buttonText&quot;:&quot;See More&quot;,&quot;buttonUrl&quot;:&quot;&quot;,&quot;openNewTab&quot;:false,&quot;isValidUrl&quot;:true,&quot;showSecondButton&quot;:false,&quot;secondButtonText&quot;:&quot;See More&quot;,&quot;secondButtonUrl&quot;:&quot;&quot;,&quot;secondButtonOpenNewTab&quot;:false},{&quot;url&quot;:&quot;https:\/\/aare-huesi.ch\/wp-content\/uploads\/2024\/10\/LUGG-2021-Huesi-Belp-Schlafsaal-oben-007-Print-scaled.jpg&quot;,&quot;alt&quot;:&quot;&quot;,&quot;id&quot;:1,&quot;imageId&quot;:28942,&quot;caption&quot;:&quot;&quot;,&quot;title&quot;:&quot;Slider 4&quot;,&quot;subtitle&quot;:&quot;Essential Blocks Slider Subtitle&quot;,&quot;showButton&quot;:true,&quot;buttonText&quot;:&quot;See More&quot;,&quot;buttonUrl&quot;:&quot;&quot;,&quot;openNewTab&quot;:false,&quot;isValidUrl&quot;:true,&quot;showSecondButton&quot;:false,&quot;secondButtonText&quot;:&quot;See More&quot;,&quot;secondButtonUrl&quot;:&quot;&quot;,&quot;secondButtonOpenNewTab&quot;:false},{&quot;url&quot;:&quot;https:\/\/aare-huesi.ch\/wp-content\/uploads\/2024\/10\/LUGG-2021-Huesi-Belp-Schlafsaal-oben-001-Print-scaled.jpg&quot;,&quot;alt&quot;:&quot;&quot;,&quot;id&quot;:2,&quot;imageId&quot;:28941,&quot;caption&quot;:&quot;&quot;,&quot;title&quot;:&quot;Slider 3&quot;,&quot;subtitle&quot;:&quot;Essential Blocks Slider Subtitle&quot;,&quot;showButton&quot;:true,&quot;buttonText&quot;:&quot;See More&quot;,&quot;buttonUrl&quot;:&quot;&quot;,&quot;openNewTab&quot;:false,&quot;isValidUrl&quot;:true,&quot;showSecondButton&quot;:false,&quot;secondButtonText&quot;:&quot;See More&quot;,&quot;secondButtonUrl&quot;:&quot;&quot;,&quot;secondButtonOpenNewTab&quot;:false},{&quot;url&quot;:&quot;https:\/\/aare-huesi.ch\/wp-content\/uploads\/2024\/10\/LUGG-2021-Huesi-Belp-Mehrbettzimmer-002-Print-scaled.jpg&quot;,&quot;alt&quot;:&quot;&quot;,&quot;id&quot;:3,&quot;imageId&quot;:28866,&quot;caption&quot;:&quot;&quot;,&quot;title&quot;:&quot;Slider 2&quot;,&quot;subtitle&quot;:&quot;Essential Blocks Slider Subtitle&quot;,&quot;showButton&quot;:true,&quot;buttonText&quot;:&quot;See More&quot;,&quot;buttonUrl&quot;:&quot;&quot;,&quot;openNewTab&quot;:false,&quot;isValidUrl&quot;:true,&quot;showSecondButton&quot;:false,&quot;secondButtonText&quot;:&quot;See More&quot;,&quot;secondButtonUrl&quot;:&quot;&quot;,&quot;secondButtonOpenNewTab&quot;:false},{&quot;url&quot;:&quot;https:\/\/aare-huesi.ch\/wp-content\/uploads\/2024\/10\/LUGG-2021-Huesi-Belp-Zweibettzimmer-3-001-Print-scaled.jpg&quot;,&quot;alt&quot;:&quot;&quot;,&quot;id&quot;:4,&quot;imageId&quot;:28943,&quot;caption&quot;:&quot;&quot;,&quot;title&quot;:&quot;Slider 5&quot;,&quot;subtitle&quot;:&quot;Essential Blocks Slider Subtitle&quot;,&quot;showButton&quot;:true,&quot;buttonText&quot;:&quot;See More&quot;,&quot;buttonUrl&quot;:&quot;&quot;,&quot;openNewTab&quot;:false,&quot;isValidUrl&quot;:true,&quot;showSecondButton&quot;:false,&quot;secondButtonText&quot;:&quot;See More&quot;,&quot;secondButtonUrl&quot;:&quot;&quot;,&quot;secondButtonOpenNewTab&quot;:false}]\" data-slidercontenttype=\"content-1\" data-slidertype=\"image\" data-textalign=\"left\" data-arrownexticon=\"fas fa-chevron-right\" data-arrowprevicon=\"fas fa-chevron-left\"><div class=\"image\"><div class=\"eb-slider-item content-1\"><img decoding=\"async\" class=\"eb-slider-image\" src=\"https:\/\/aare-huesi.ch\/wp-content\/uploads\/2024\/10\/LUGG-2021-Huesi-Belp-Zweibettzimmer-2-003-Print-scaled.jpg\"\/><\/div><div class=\"eb-slider-item content-1\"><img decoding=\"async\" class=\"eb-slider-image\" src=\"https:\/\/aare-huesi.ch\/wp-content\/uploads\/2024\/10\/LUGG-2021-Huesi-Belp-Schlafsaal-oben-007-Print-scaled.jpg\"\/><\/div><div class=\"eb-slider-item content-1\"><img decoding=\"async\" class=\"eb-slider-image\" src=\"https:\/\/aare-huesi.ch\/wp-content\/uploads\/2024\/10\/LUGG-2021-Huesi-Belp-Schlafsaal-oben-001-Print-scaled.jpg\"\/><\/div><div class=\"eb-slider-item content-1\"><img decoding=\"async\" class=\"eb-slider-image\" src=\"https:\/\/aare-huesi.ch\/wp-content\/uploads\/2024\/10\/LUGG-2021-Huesi-Belp-Mehrbettzimmer-002-Print-scaled.jpg\"\/><\/div><div class=\"eb-slider-item content-1\"><img decoding=\"async\" class=\"eb-slider-image\" src=\"https:\/\/aare-huesi.ch\/wp-content\/uploads\/2024\/10\/LUGG-2021-Huesi-Belp-Zweibettzimmer-3-001-Print-scaled.jpg\"\/><\/div><\/div><\/div><\/div><\/div>\n<\/div>\n<\/div>\n\n\n\n<div class=\"wp-block-columns has-accent-5-background-color has-background is-layout-flex wp-container-core-columns-is-layout-54ad0ee9 wp-block-columns-is-layout-flex\" id=\"ausstattung\" style=\"margin-top:var(--wp--preset--spacing--40);margin-bottom:var(--wp--preset--spacing--40);padding-top:var(--wp--preset--spacing--20);padding-right:0;padding-bottom:var(--wp--preset--spacing--20);padding-left:0\">\n<div class=\"wp-block-column is-layout-flow wp-block-column-is-layout-flow\" style=\"padding-top:var(--wp--preset--spacing--10);padding-right:0;padding-bottom:var(--wp--preset--spacing--10);padding-left:0;flex-basis:50%\">\n<div class=\"wp-block-group is-vertical is-layout-flex wp-container-core-group-is-layout-9d9ec1cd wp-block-group-is-layout-flex\" style=\"margin-top:0;margin-bottom:0;padding-top:var(--wp--preset--spacing--20);padding-right:var(--wp--preset--spacing--20);padding-bottom:var(--wp--preset--spacing--20);padding-left:var(--wp--preset--spacing--20)\">\n<h2 class=\"wp-block-heading\">\u00c9quipement<\/h2>\n\n\n\n<p>Les dortoirs du rez-de-chauss\u00e9e sont \u00e9quip\u00e9s de lits superpos\u00e9s. Deux chambres \u00e0 2 lits ont un petit bureau. Dans le dortoir, les places de couchage sont r\u00e9parties en trois groupes de diff\u00e9rent nombre et en trois places individuelles.  <\/p>\n\n\n\n<p>La cuisine est \u00e9quip\u00e9e d&rsquo;une cuisini\u00e8re \u00e9lectrique avec 5 plaques, d&rsquo;un r\u00e9frig\u00e9rateur avec petit compartiment cong\u00e9lateur 254l \/ 21l et d&rsquo;un lave-vaisselle industrielle. La vaisselle et les ustensiles de cuisine sont disponibles. <\/p>\n\n\n\n<div class=\"wp-block-buttons small is-layout-flex wp-block-buttons-is-layout-flex\">\n<div class=\"wp-block-button\"><a class=\"wp-block-button__link wp-element-button\" href=\"https:\/\/aare-huesi.ch\/wp-content\/uploads\/2026\/01\/260128_ausstattung_fr.pdf\">Equipement en d\u00e9tail<\/a><\/div>\n\n\n\n<div class=\"wp-block-button\"><a class=\"wp-block-button__link wp-element-button\" href=\"https:\/\/aare-huesi.ch\/wp-content\/uploads\/2026\/01\/250313_grundrisse_fr.pdf\">Plans d&rsquo;\u00e9tage<\/a><\/div>\n\n\n\n<div class=\"wp-block-button\"><a class=\"wp-block-button__link wp-element-button\" href=\"https:\/\/aare-huesi.ch\/wp-content\/uploads\/2026\/01\/260128_information_fr.pdf\">Infos &amp; r\u00e8glement int\u00e9rieur<\/a><\/div>\n<\/div>\n<\/div>\n<\/div>\n\n\n\n<div class=\"wp-block-column is-layout-flow wp-block-column-is-layout-flow\" style=\"padding-right:0;padding-left:0;flex-basis:50%\">\n<div class=\"wp-block-slider-block-slider-block\"><div class=\"eb-parent-wrapper eb-parent-eb-slider-k05eh \"><div class=\"eb-slider-wrapper eb-slider-k05eh\" data-settings=\"{&quot;arrows&quot;:true,&quot;adaptiveHeight&quot;:false,&quot;autoplay&quot;:false,&quot;autoplaySpeed&quot;:3000,&quot;dots&quot;:true,&quot;fade&quot;:false,&quot;infinite&quot;:true,&quot;pauseOnHover&quot;:true,&quot;slidesToShow&quot;:1,&quot;speed&quot;:500,&quot;vertical&quot;:false,&quot;currentSlide&quot;:0,&quot;rtl&quot;:false,&quot;responsive&quot;:[{&quot;breakpoint&quot;:1025,&quot;settings&quot;:{&quot;slidesToShow&quot;:1}},{&quot;breakpoint&quot;:767,&quot;settings&quot;:{&quot;slidesToShow&quot;:1}}]}\" data-images=\"[{&quot;url&quot;:&quot;https:\/\/aare-huesi.ch\/wp-content\/uploads\/2024\/10\/LUGG-2021-Huesi-Belp-Speisesaal-002-Print-scaled.jpg&quot;,&quot;alt&quot;:&quot;&quot;,&quot;id&quot;:0,&quot;imageId&quot;:28898,&quot;caption&quot;:&quot;&quot;,&quot;title&quot;:&quot;Slider 1&quot;,&quot;subtitle&quot;:&quot;Essential Blocks Slider Subtitle&quot;,&quot;showButton&quot;:true,&quot;buttonText&quot;:&quot;See More&quot;,&quot;buttonUrl&quot;:&quot;&quot;,&quot;openNewTab&quot;:false,&quot;isValidUrl&quot;:true,&quot;showSecondButton&quot;:false,&quot;secondButtonText&quot;:&quot;See More&quot;,&quot;secondButtonUrl&quot;:&quot;&quot;,&quot;secondButtonOpenNewTab&quot;:false},{&quot;url&quot;:&quot;https:\/\/aare-huesi.ch\/wp-content\/uploads\/2024\/11\/LUGG-2021-Huesi-Belp-Speisesaal-001-Print-scaled.jpg&quot;,&quot;alt&quot;:&quot;&quot;,&quot;id&quot;:1,&quot;imageId&quot;:29391,&quot;caption&quot;:&quot;&quot;,&quot;title&quot;:&quot;Slider 2&quot;,&quot;subtitle&quot;:&quot;Essential Blocks Slider Subtitle&quot;,&quot;showButton&quot;:true,&quot;buttonText&quot;:&quot;See More&quot;,&quot;buttonUrl&quot;:&quot;&quot;,&quot;openNewTab&quot;:false,&quot;isValidUrl&quot;:true,&quot;showSecondButton&quot;:false,&quot;secondButtonText&quot;:&quot;See More&quot;,&quot;secondButtonUrl&quot;:&quot;&quot;,&quot;secondButtonOpenNewTab&quot;:false},{&quot;url&quot;:&quot;https:\/\/aare-huesi.ch\/wp-content\/uploads\/2024\/10\/LUGG-2021-Huesi-Belp-Kueche-003-Print-scaled.jpg&quot;,&quot;alt&quot;:&quot;&quot;,&quot;id&quot;:2,&quot;imageId&quot;:28899,&quot;caption&quot;:&quot;&quot;,&quot;title&quot;:&quot;Slider 2&quot;,&quot;subtitle&quot;:&quot;Essential Blocks Slider Subtitle&quot;,&quot;showButton&quot;:true,&quot;buttonText&quot;:&quot;See More&quot;,&quot;buttonUrl&quot;:&quot;&quot;,&quot;openNewTab&quot;:false,&quot;isValidUrl&quot;:true,&quot;showSecondButton&quot;:false,&quot;secondButtonText&quot;:&quot;See More&quot;,&quot;secondButtonUrl&quot;:&quot;&quot;,&quot;secondButtonOpenNewTab&quot;:false},{&quot;url&quot;:&quot;https:\/\/aare-huesi.ch\/wp-content\/uploads\/2024\/10\/LUGG-2021-Huesi-Belp-sanitaere-Anlagen-005-Print-scaled.jpg&quot;,&quot;alt&quot;:&quot;&quot;,&quot;id&quot;:3,&quot;imageId&quot;:28900,&quot;caption&quot;:&quot;&quot;,&quot;title&quot;:&quot;Slider 3&quot;,&quot;subtitle&quot;:&quot;Essential Blocks Slider Subtitle&quot;,&quot;showButton&quot;:true,&quot;buttonText&quot;:&quot;See More&quot;,&quot;buttonUrl&quot;:&quot;&quot;,&quot;openNewTab&quot;:false,&quot;isValidUrl&quot;:true,&quot;showSecondButton&quot;:false,&quot;secondButtonText&quot;:&quot;See More&quot;,&quot;secondButtonUrl&quot;:&quot;&quot;,&quot;secondButtonOpenNewTab&quot;:false},{&quot;url&quot;:&quot;https:\/\/aare-huesi.ch\/wp-content\/uploads\/2024\/11\/LUGG-2021-Huesi-Belp-sanitaere-Anlagen-004-Print-scaled.jpg&quot;,&quot;alt&quot;:&quot;&quot;,&quot;id&quot;:4,&quot;imageId&quot;:29392,&quot;caption&quot;:&quot;&quot;,&quot;title&quot;:&quot;Slider 5&quot;,&quot;subtitle&quot;:&quot;Essential Blocks Slider Subtitle&quot;,&quot;showButton&quot;:true,&quot;buttonText&quot;:&quot;See More&quot;,&quot;buttonUrl&quot;:&quot;&quot;,&quot;openNewTab&quot;:false,&quot;isValidUrl&quot;:true,&quot;showSecondButton&quot;:false,&quot;secondButtonText&quot;:&quot;See More&quot;,&quot;secondButtonUrl&quot;:&quot;&quot;,&quot;secondButtonOpenNewTab&quot;:false},{&quot;url&quot;:&quot;https:\/\/aare-huesi.ch\/wp-content\/uploads\/2024\/11\/LUGG-2021-Huesi-Belp-Eingangsbereich-003-Print-scaled.jpg&quot;,&quot;alt&quot;:&quot;&quot;,&quot;id&quot;:5,&quot;imageId&quot;:29390,&quot;caption&quot;:&quot;&quot;,&quot;title&quot;:&quot;Slider 7&quot;,&quot;subtitle&quot;:&quot;Essential Blocks Slider Subtitle&quot;,&quot;showButton&quot;:true,&quot;buttonText&quot;:&quot;See More&quot;,&quot;buttonUrl&quot;:&quot;&quot;,&quot;openNewTab&quot;:false,&quot;isValidUrl&quot;:true,&quot;showSecondButton&quot;:false,&quot;secondButtonText&quot;:&quot;See More&quot;,&quot;secondButtonUrl&quot;:&quot;&quot;,&quot;secondButtonOpenNewTab&quot;:false}]\" data-slidercontenttype=\"content-1\" data-slidertype=\"image\" data-textalign=\"left\" data-arrownexticon=\"fas fa-chevron-right\" data-arrowprevicon=\"fas fa-chevron-left\"><div class=\"image\"><div class=\"eb-slider-item content-1\"><img decoding=\"async\" class=\"eb-slider-image\" src=\"https:\/\/aare-huesi.ch\/wp-content\/uploads\/2024\/10\/LUGG-2021-Huesi-Belp-Speisesaal-002-Print-scaled.jpg\"\/><\/div><div class=\"eb-slider-item content-1\"><img decoding=\"async\" class=\"eb-slider-image\" src=\"https:\/\/aare-huesi.ch\/wp-content\/uploads\/2024\/11\/LUGG-2021-Huesi-Belp-Speisesaal-001-Print-scaled.jpg\"\/><\/div><div class=\"eb-slider-item content-1\"><img decoding=\"async\" class=\"eb-slider-image\" src=\"https:\/\/aare-huesi.ch\/wp-content\/uploads\/2024\/10\/LUGG-2021-Huesi-Belp-Kueche-003-Print-scaled.jpg\"\/><\/div><div class=\"eb-slider-item content-1\"><img decoding=\"async\" class=\"eb-slider-image\" src=\"https:\/\/aare-huesi.ch\/wp-content\/uploads\/2024\/10\/LUGG-2021-Huesi-Belp-sanitaere-Anlagen-005-Print-scaled.jpg\"\/><\/div><div class=\"eb-slider-item content-1\"><img decoding=\"async\" class=\"eb-slider-image\" src=\"https:\/\/aare-huesi.ch\/wp-content\/uploads\/2024\/11\/LUGG-2021-Huesi-Belp-sanitaere-Anlagen-004-Print-scaled.jpg\"\/><\/div><div class=\"eb-slider-item content-1\"><img decoding=\"async\" class=\"eb-slider-image\" src=\"https:\/\/aare-huesi.ch\/wp-content\/uploads\/2024\/11\/LUGG-2021-Huesi-Belp-Eingangsbereich-003-Print-scaled.jpg\"\/><\/div><\/div><\/div><\/div><\/div>\n<\/div>\n<\/div>\n\n\n\n<div class=\"wp-block-columns has-accent-5-background-color has-background is-layout-flex wp-container-core-columns-is-layout-54ad0ee9 wp-block-columns-is-layout-flex\" id=\"draussen\" style=\"margin-top:var(--wp--preset--spacing--40);margin-bottom:var(--wp--preset--spacing--40);padding-top:var(--wp--preset--spacing--20);padding-right:0;padding-bottom:var(--wp--preset--spacing--20);padding-left:0\">\n<div class=\"wp-block-column is-layout-flow wp-block-column-is-layout-flow\" style=\"padding-top:0;padding-right:0;padding-bottom:0;padding-left:0;flex-basis:50%\">\n<div class=\"wp-block-group is-vertical is-layout-flex wp-container-core-group-is-layout-80a5cfb4 wp-block-group-is-layout-flex\" style=\"padding-top:var(--wp--preset--spacing--20);padding-right:var(--wp--preset--spacing--20);padding-bottom:var(--wp--preset--spacing--20);padding-left:var(--wp--preset--spacing--20)\">\n<h2 class=\"wp-block-heading\">EXTERIEUR<\/h2>\n\n\n\n<p>La maison de vacances est entour\u00e9e d&rsquo;une vaste prairie. Un foyer, une table de ping-pong et une balan\u00e7oire sont \u00e0 disposition. Le terrain est entour\u00e9 d&rsquo;un affluent de l&rsquo;Aar (Giesse) dans lequel il est possible de se baigner. L&rsquo;environnement proche de la nature invite \u00e0 de multiples activit\u00e9s.   <\/p>\n\n\n\n<p><\/p>\n\n\n\n<h3 class=\"wp-block-heading\">\u00c0 proximit\u00e9<\/h3>\n\n\n\n<ul class=\"wp-block-list\">\n<li><a href=\"https:\/\/www.belp.ch\/de\/gemeinde-und-wirtschaft\/gemeinde\/kultur-und-freizeit-giessenbad.php\" data-type=\"link\" data-id=\"https:\/\/www.belp.ch\/de\/gemeinde-und-wirtschaft\/gemeinde\/kultur-und-freizeit-giessenbad.php\">Bain de Giessen<\/a><\/li>\n\n\n\n<li><a href=\"https:\/\/www.bouncelab.ch\/trampolinhalle-belp\">Salle de trampoline Belp<\/a><\/li>\n\n\n\n<li><a href=\"https:\/\/www.bernairport.ch\/\">A\u00e9rodrome de Belp<\/a><\/li>\n\n\n\n<li><a href=\"https:\/\/www.muri-guemligen.ch\/freizeit\/aarebad.html\/192\">Muribad<\/a><\/li>\n\n\n\n<li><a href=\"https:\/\/www.pronatura-be.ch\/de\/zentrum-eichholz\">Centre Pro Natura d&rsquo;Eichholz<\/a><\/li>\n\n\n\n<li><a href=\"https:\/\/tierpark-bern.ch\/\">Parc animalier du D\u00e4hlh\u00f6lzli<\/a><\/li>\n\n\n\n<li><a href=\"https:\/\/www.ropetech.ch\/asp\/\">Parc d&rsquo;escalade \u00e0 cordes Berne<\/a><\/li>\n<\/ul>\n<\/div>\n<\/div>\n\n\n\n<div class=\"wp-block-column is-layout-flow wp-block-column-is-layout-flow\" style=\"flex-basis:50%\">\n<div class=\"wp-block-slider-block-slider-block\"><div class=\"eb-parent-wrapper eb-parent-eb-slider-sdnt9 \"><div class=\"eb-slider-wrapper eb-slider-sdnt9\" data-settings=\"{&quot;arrows&quot;:true,&quot;adaptiveHeight&quot;:false,&quot;autoplay&quot;:false,&quot;autoplaySpeed&quot;:3000,&quot;dots&quot;:true,&quot;fade&quot;:false,&quot;infinite&quot;:true,&quot;pauseOnHover&quot;:true,&quot;slidesToShow&quot;:1,&quot;speed&quot;:500,&quot;vertical&quot;:false,&quot;currentSlide&quot;:0,&quot;rtl&quot;:false,&quot;responsive&quot;:[{&quot;breakpoint&quot;:1025,&quot;settings&quot;:{&quot;slidesToShow&quot;:1}},{&quot;breakpoint&quot;:767,&quot;settings&quot;:{&quot;slidesToShow&quot;:1}}]}\" data-images=\"[{&quot;url&quot;:&quot;https:\/\/aare-huesi.ch\/wp-content\/uploads\/2024\/10\/aare-huesi-wiese.webp&quot;,&quot;alt&quot;:&quot;&quot;,&quot;id&quot;:0,&quot;imageId&quot;:29230,&quot;caption&quot;:&quot;&quot;,&quot;title&quot;:&quot;Slider 5&quot;,&quot;subtitle&quot;:&quot;Essential Blocks Slider Subtitle&quot;,&quot;showButton&quot;:true,&quot;buttonText&quot;:&quot;See More&quot;,&quot;buttonUrl&quot;:&quot;&quot;,&quot;openNewTab&quot;:false,&quot;isValidUrl&quot;:true,&quot;showSecondButton&quot;:false,&quot;secondButtonText&quot;:&quot;See More&quot;,&quot;secondButtonUrl&quot;:&quot;&quot;,&quot;secondButtonOpenNewTab&quot;:false},{&quot;url&quot;:&quot;https:\/\/aare-huesi.ch\/wp-content\/uploads\/2024\/10\/aare-huesi-pingpong.webp&quot;,&quot;alt&quot;:&quot;&quot;,&quot;id&quot;:1,&quot;imageId&quot;:29229,&quot;caption&quot;:&quot;&quot;,&quot;title&quot;:&quot;Slider 1&quot;,&quot;subtitle&quot;:&quot;Essential Blocks Slider Subtitle&quot;,&quot;showButton&quot;:true,&quot;buttonText&quot;:&quot;See More&quot;,&quot;buttonUrl&quot;:&quot;&quot;,&quot;openNewTab&quot;:false,&quot;isValidUrl&quot;:true,&quot;showSecondButton&quot;:false,&quot;secondButtonText&quot;:&quot;See More&quot;,&quot;secondButtonUrl&quot;:&quot;&quot;,&quot;secondButtonOpenNewTab&quot;:false},{&quot;url&quot;:&quot;https:\/\/aare-huesi.ch\/wp-content\/uploads\/2024\/10\/LUGG-2021-Huesi-Belp-aussen-001-Print-1-scaled.jpg&quot;,&quot;alt&quot;:&quot;&quot;,&quot;id&quot;:2,&quot;imageId&quot;:28946,&quot;caption&quot;:&quot;&quot;,&quot;title&quot;:&quot;Slider 2&quot;,&quot;subtitle&quot;:&quot;Essential Blocks Slider Subtitle&quot;,&quot;showButton&quot;:true,&quot;buttonText&quot;:&quot;See More&quot;,&quot;buttonUrl&quot;:&quot;&quot;,&quot;openNewTab&quot;:false,&quot;isValidUrl&quot;:true,&quot;showSecondButton&quot;:false,&quot;secondButtonText&quot;:&quot;See More&quot;,&quot;secondButtonUrl&quot;:&quot;&quot;,&quot;secondButtonOpenNewTab&quot;:false},{&quot;url&quot;:&quot;https:\/\/aare-huesi.ch\/wp-content\/uploads\/2024\/10\/aare-huesi-feuerstelle.webp&quot;,&quot;alt&quot;:&quot;&quot;,&quot;id&quot;:3,&quot;imageId&quot;:29228,&quot;caption&quot;:&quot;&quot;,&quot;title&quot;:&quot;Slider 3&quot;,&quot;subtitle&quot;:&quot;Essential Blocks Slider Subtitle&quot;,&quot;showButton&quot;:true,&quot;buttonText&quot;:&quot;See More&quot;,&quot;buttonUrl&quot;:&quot;&quot;,&quot;openNewTab&quot;:false,&quot;isValidUrl&quot;:true,&quot;showSecondButton&quot;:false,&quot;secondButtonText&quot;:&quot;See More&quot;,&quot;secondButtonUrl&quot;:&quot;&quot;,&quot;secondButtonOpenNewTab&quot;:false},{&quot;url&quot;:&quot;https:\/\/aare-huesi.ch\/wp-content\/uploads\/2024\/10\/LUGG-2021-Huesi-Belp-aussen-003-Print-scaled.jpg&quot;,&quot;alt&quot;:&quot;&quot;,&quot;id&quot;:4,&quot;imageId&quot;:28947,&quot;caption&quot;:&quot;&quot;,&quot;title&quot;:&quot;Slider 3&quot;,&quot;subtitle&quot;:&quot;Essential Blocks Slider Subtitle&quot;,&quot;showButton&quot;:true,&quot;buttonText&quot;:&quot;See More&quot;,&quot;buttonUrl&quot;:&quot;&quot;,&quot;openNewTab&quot;:false,&quot;isValidUrl&quot;:true,&quot;showSecondButton&quot;:false,&quot;secondButtonText&quot;:&quot;See More&quot;,&quot;secondButtonUrl&quot;:&quot;&quot;,&quot;secondButtonOpenNewTab&quot;:false}]\" data-slidercontenttype=\"content-1\" data-slidertype=\"image\" data-textalign=\"left\" data-arrownexticon=\"fas fa-chevron-right\" data-arrowprevicon=\"fas fa-chevron-left\"><div class=\"image\"><div class=\"eb-slider-item content-1\"><img decoding=\"async\" class=\"eb-slider-image\" src=\"https:\/\/aare-huesi.ch\/wp-content\/uploads\/2024\/10\/aare-huesi-wiese.webp\"\/><\/div><div class=\"eb-slider-item content-1\"><img decoding=\"async\" class=\"eb-slider-image\" src=\"https:\/\/aare-huesi.ch\/wp-content\/uploads\/2024\/10\/aare-huesi-pingpong.webp\"\/><\/div><div class=\"eb-slider-item content-1\"><img decoding=\"async\" class=\"eb-slider-image\" src=\"https:\/\/aare-huesi.ch\/wp-content\/uploads\/2024\/10\/LUGG-2021-Huesi-Belp-aussen-001-Print-1-scaled.jpg\"\/><\/div><div class=\"eb-slider-item content-1\"><img decoding=\"async\" class=\"eb-slider-image\" src=\"https:\/\/aare-huesi.ch\/wp-content\/uploads\/2024\/10\/aare-huesi-feuerstelle.webp\"\/><\/div><div class=\"eb-slider-item content-1\"><img decoding=\"async\" class=\"eb-slider-image\" src=\"https:\/\/aare-huesi.ch\/wp-content\/uploads\/2024\/10\/LUGG-2021-Huesi-Belp-aussen-003-Print-scaled.jpg\"\/><\/div><\/div><\/div><\/div><\/div>\n<\/div>\n<\/div>\n\n\n\n<div class=\"wp-block-columns alignfull has-accent-background-color has-background is-layout-flex wp-container-core-columns-is-layout-309e73c6 wp-block-columns-is-layout-flex\" id=\"lage\" style=\"margin-top:var(--wp--preset--spacing--40);margin-bottom:var(--wp--preset--spacing--40);padding-top:0;padding-right:0;padding-bottom:0;padding-left:0\">\n<div class=\"wp-block-column minheight-20 is-layout-flow wp-block-column-is-layout-flow\">\n<iframe src=\"https:\/\/www.google.com\/maps\/embed?pb=!1m18!1m12!1m3!1d3939.6118167158215!2d7.510859777310214!3d46.906937271134275!2m3!1f0!2f0!3f0!3m2!1i1024!2i768!4f13.1!3m3!1m2!1s0x478e363780484985%3A0xf68613e2d9a81244!2sKinderfreunde%20Bern%20H%C3%BCsi!5e1!3m2!1sde!2sch!4v1724852035719!5m2!1sde!2sch\" width=\"100%\" height=\"100%\" style=\"border:0;\" allowfullscreen=\"\" loading=\"lazy\" referrerpolicy=\"no-referrer-when-downgrade\" class=\"absolute top-0 left-0 w-full h-full\"><\/iframe>\n<\/div>\n\n\n\n<div class=\"wp-block-column has-global-padding is-content-justification-center is-layout-constrained wp-block-column-is-layout-constrained\">\n<div class=\"wp-block-group is-vertical is-layout-flex wp-container-core-group-is-layout-d0461c18 wp-block-group-is-layout-flex\" style=\"padding-top:var(--wp--preset--spacing--40);padding-right:var(--wp--preset--spacing--40);padding-bottom:var(--wp--preset--spacing--40);padding-left:var(--wp--preset--spacing--40)\">\n<h2 class=\"wp-block-heading\">Situation<\/h2>\n\n\n\n<p>Le H\u00fcsi est situ\u00e9 \u00e0 l&rsquo;est de Belp, au c\u0153ur de la r\u00e9serve naturelle du paysage de l&rsquo;Aar Thoune-Berne. La route nationale 8 de \u00ab La Suisse \u00e0 v\u00e9lo \u00bb (route de l&rsquo;Aar) passe juste devant la maison. <\/p>\n\n\n\n<h3 class=\"wp-block-heading\">Adresse<\/h3>\n\n\n\n<p>Aare-H\u00fcsi<br>J\u00e4gerheimweg 286<br>3123 Belp<\/p>\n\n\n\n<h3 class=\"wp-block-heading\">ARRIV\u00c9E AVEC LES TRANSPORTS PUBLICS<\/h3>\n\n\n\n<p>Depuis la gare de Belp, prendre le bus B 160 en direction de l&rsquo;a\u00e9roport jusqu&rsquo;\u00e0 l&rsquo;arr\u00eat Giessenbad. Ensuite, environ 12 minutes \u00e0 pied en direction de l&rsquo;Aar et de M\u00fcnsingen. <\/p>\n\n\n\n<h3 class=\"wp-block-heading\">Arriv\u00e9e en voiture<\/h3>\n\n\n\n<p>A6 Sortie Rubigen direction Belp. Dans le quartier de Viehweid, tourner sur J\u00e4gerheimweg. Continuer sur environ 1,5 km en direction du restaurant J\u00e4gerheim. A l&rsquo;entr\u00e9e de la for\u00eat, prendre \u00e0 gauche, passer le portail et suivre le chemin de gravier jusqu&rsquo;au H\u00fcsi.   <\/p>\n<\/div>\n<\/div>\n<\/div>\n\n\n\n<div class=\"wp-block-group block-prices has-global-padding is-layout-constrained wp-block-group-is-layout-constrained\" style=\"margin-top:var(--wp--preset--spacing--40);margin-bottom:var(--wp--preset--spacing--40);padding-top:var(--wp--preset--spacing--20);padding-bottom:var(--wp--preset--spacing--20)\">\n<h2 class=\"wp-block-heading\">Tarifs 2026<\/h2>\n\n\n\n<figure class=\"wp-block-table is-style-regular\"><table class=\"has-contrast-color has-text-color has-link-color\"><tbody><tr><td>Nuit\u00e9e en semaine<\/td><td>280.-<\/td><\/tr><tr><td>Week-end: Ve 18:00 \u00e0 Di 18:00<\/td><td>1000.-<\/td><\/tr><tr><td>Frais suppl\u00e9mentaires par nuit\u00e9e<\/td><td>40.-<\/td><\/tr><tr><td>Nettoyage final obligatoire<\/td><td>190.-<\/td><\/tr><tr><td>Taxe de s\u00e9jour par personne et par nuit<\/td><td>1.-<\/td><\/tr><\/tbody><\/table><\/figure>\n\n\n\n<p>Tous les prix sont en CHF. Le H\u00fcsi est lou\u00e9 de mars \u00e0 fin novembre. <\/p>\n<\/div>\n\n\n\n<div id=\"reservation\" class=\"wp-block-group is-layout-flow wp-block-group-is-layout-flow\" style=\"border-style:none;border-width:0px;border-radius:10px;margin-top:var(--wp--preset--spacing--40);margin-bottom:var(--wp--preset--spacing--40)\">\n<div style=\"height:10vh\" aria-hidden=\"true\" class=\"wp-block-spacer\"><\/div>\n\n\n\n<p class=\"has-text-align-center\" style=\"line-height:1\">R\u00e9server Aare-H\u00fcsi<\/p>\n\n\n\n<h1 class=\"wp-block-heading has-text-align-center\">Planifiez votre s\u00e9jour<\/h1>\n\n\n\n<div class=\"wp-block-buttons has-roboto-font-family is-horizontal is-content-justification-center is-layout-flex wp-container-core-buttons-is-layout-26c7ae83 wp-block-buttons-is-layout-flex\" style=\"margin-top:var(--wp--preset--spacing--30);margin-bottom:var(--wp--preset--spacing--30)\">\n<div class=\"wp-block-button has-custom-width wp-block-button__width-50 is-style-fill nowidth\"><a class=\"wp-block-button__link has-roboto-font-family wp-element-button\" href=\"https:\/\/www.groups.swiss\/de\/leisure\/Aare-Husi-Belp-962321\" target=\"_blank\" rel=\"noreferrer noopener\">V\u00e9rifier la disponibilit\u00e9 maintenant<\/a><\/div>\n<\/div>\n\n\n\n<div style=\"height:10vh\" aria-hidden=\"true\" class=\"wp-block-spacer\"><\/div>\n<\/div>\n","protected":false},"excerpt":{"rendered":"<p>Bienvenue \u00e0 l&rsquo;Aare-H\u00fcsi La maison de groupe Aare-H\u00fcsi est situ\u00e9e dans la r\u00e9serve naturelle de Belpau pr\u00e8s de Berne &#8211; proche de la ville et pourtant en pleine nature. C&rsquo;est un lieu id\u00e9al pour les semaines d&rsquo;\u00e9cole de campagne, les camps de vacances et de confirmation, les vacances en famille et les \u00e9v\u00e9nements familiaux. Les [&hellip;]<\/p>\n","protected":false},"author":1,"featured_media":29650,"parent":0,"menu_order":0,"comment_status":"closed","ping_status":"closed","template":"wp-custom-template-page-no-header","meta":{"_eb_attr":"","footnotes":""},"class_list":["post-29696","page","type-page","status-publish","has-post-thumbnail","hentry"],"yoast_head":"<!-- This site is optimized with the Yoast SEO plugin v27.5 - https:\/\/yoast.com\/product\/yoast-seo-wordpress\/ -->\n<title>Maison de groupe Aare-H\u00fcsi Berne - Aare H\u00fcsi<\/title>\n<meta name=\"description\" content=\"La maison de groupe dans la r\u00e9serve naturelle de Belpau pr\u00e8s de Berne. Un lieu id\u00e9al pour les semaines d&#039;\u00e9cole de campagne, les camps de vacances et de confirmation, les vacances en famille et les \u00e9v\u00e9nements familiaux. Les cours, ateliers et \u00e9v\u00e9nements avec des enfants et des jeunes sont \u00e9galement les bienvenus.\" \/>\n<meta name=\"robots\" content=\"index, follow, max-snippet:-1, max-image-preview:large, max-video-preview:-1\" \/>\n<link rel=\"canonical\" href=\"https:\/\/aare-huesi.ch\/fr\/\" \/>\n<meta property=\"og:locale\" content=\"fr_FR\" \/>\n<meta property=\"og:type\" content=\"article\" \/>\n<meta property=\"og:title\" content=\"Maison de groupe Aare-H\u00fcsi Berne - Aare H\u00fcsi\" \/>\n<meta property=\"og:description\" content=\"La maison de groupe dans la r\u00e9serve naturelle de Belpau pr\u00e8s de Berne. Un lieu id\u00e9al pour les semaines d&#039;\u00e9cole de campagne, les camps de vacances et de confirmation, les vacances en famille et les \u00e9v\u00e9nements familiaux. Les cours, ateliers et \u00e9v\u00e9nements avec des enfants et des jeunes sont \u00e9galement les bienvenus.\" \/>\n<meta property=\"og:url\" content=\"https:\/\/aare-huesi.ch\/fr\/\" \/>\n<meta property=\"og:site_name\" content=\"Aare H\u00fcsi\" \/>\n<meta property=\"article:modified_time\" content=\"2026-04-21T09:30:55+00:00\" \/>\n<meta property=\"og:image\" content=\"https:\/\/aare-huesi.ch\/wp-content\/uploads\/2024\/10\/huesi-draussen-TODO-size-scaled.jpg\" \/>\n\t<meta property=\"og:image:width\" content=\"2560\" \/>\n\t<meta property=\"og:image:height\" content=\"1707\" \/>\n\t<meta property=\"og:image:type\" content=\"image\/jpeg\" \/>\n<meta name=\"twitter:card\" content=\"summary_large_image\" \/>\n<meta name=\"twitter:label1\" content=\"Dur\u00e9e de lecture estim\u00e9e\" \/>\n\t<meta name=\"twitter:data1\" content=\"8 minutes\" \/>\n<script type=\"application\/ld+json\" class=\"yoast-schema-graph\">{\"@context\":\"https:\\\/\\\/schema.org\",\"@graph\":[{\"@type\":\"WebPage\",\"@id\":\"https:\\\/\\\/aare-huesi.ch\\\/fr\\\/\",\"url\":\"https:\\\/\\\/aare-huesi.ch\\\/fr\\\/\",\"name\":\"Maison de groupe Aare-H\u00fcsi Berne - Aare H\u00fcsi\",\"isPartOf\":{\"@id\":\"https:\\\/\\\/aare-huesi.ch\\\/fr\\\/#website\"},\"primaryImageOfPage\":{\"@id\":\"https:\\\/\\\/aare-huesi.ch\\\/fr\\\/#primaryimage\"},\"image\":{\"@id\":\"https:\\\/\\\/aare-huesi.ch\\\/fr\\\/#primaryimage\"},\"thumbnailUrl\":\"https:\\\/\\\/aare-huesi.ch\\\/wp-content\\\/uploads\\\/2024\\\/10\\\/huesi-draussen-TODO-size-scaled.jpg\",\"datePublished\":\"2025-03-01T12:12:04+00:00\",\"dateModified\":\"2026-04-21T09:30:55+00:00\",\"description\":\"La maison de groupe dans la r\u00e9serve naturelle de Belpau pr\u00e8s de Berne. Un lieu id\u00e9al pour les semaines d'\u00e9cole de campagne, les camps de vacances et de confirmation, les vacances en famille et les \u00e9v\u00e9nements familiaux. Les cours, ateliers et \u00e9v\u00e9nements avec des enfants et des jeunes sont \u00e9galement les bienvenus.\",\"breadcrumb\":{\"@id\":\"https:\\\/\\\/aare-huesi.ch\\\/fr\\\/#breadcrumb\"},\"inLanguage\":\"fr-FR\",\"potentialAction\":[{\"@type\":\"ReadAction\",\"target\":[\"https:\\\/\\\/aare-huesi.ch\\\/fr\\\/\"]}]},{\"@type\":\"ImageObject\",\"inLanguage\":\"fr-FR\",\"@id\":\"https:\\\/\\\/aare-huesi.ch\\\/fr\\\/#primaryimage\",\"url\":\"https:\\\/\\\/aare-huesi.ch\\\/wp-content\\\/uploads\\\/2024\\\/10\\\/huesi-draussen-TODO-size-scaled.jpg\",\"contentUrl\":\"https:\\\/\\\/aare-huesi.ch\\\/wp-content\\\/uploads\\\/2024\\\/10\\\/huesi-draussen-TODO-size-scaled.jpg\",\"width\":2560,\"height\":1707},{\"@type\":\"BreadcrumbList\",\"@id\":\"https:\\\/\\\/aare-huesi.ch\\\/fr\\\/#breadcrumb\",\"itemListElement\":[{\"@type\":\"ListItem\",\"position\":1,\"name\":\"Startseite\",\"item\":\"https:\\\/\\\/aare-huesi.ch\\\/fr\\\/\"},{\"@type\":\"ListItem\",\"position\":2,\"name\":\"Maison de groupe Aare-H\u00fcsi Berne\"}]},{\"@type\":\"WebSite\",\"@id\":\"https:\\\/\\\/aare-huesi.ch\\\/fr\\\/#website\",\"url\":\"https:\\\/\\\/aare-huesi.ch\\\/fr\\\/\",\"name\":\"Aare H\u00fcsi - Das Gruppenhaus an der Aare\",\"description\":\"Ferienhaus an der Aare\",\"publisher\":{\"@id\":\"https:\\\/\\\/aare-huesi.ch\\\/fr\\\/#organization\"},\"potentialAction\":[{\"@type\":\"SearchAction\",\"target\":{\"@type\":\"EntryPoint\",\"urlTemplate\":\"https:\\\/\\\/aare-huesi.ch\\\/fr\\\/?s={search_term_string}\"},\"query-input\":{\"@type\":\"PropertyValueSpecification\",\"valueRequired\":true,\"valueName\":\"search_term_string\"}}],\"inLanguage\":\"fr-FR\"},{\"@type\":\"Organization\",\"@id\":\"https:\\\/\\\/aare-huesi.ch\\\/fr\\\/#organization\",\"name\":\"Aare H\u00fcsi\",\"url\":\"https:\\\/\\\/aare-huesi.ch\\\/fr\\\/\",\"logo\":{\"@type\":\"ImageObject\",\"inLanguage\":\"fr-FR\",\"@id\":\"https:\\\/\\\/aare-huesi.ch\\\/fr\\\/#\\\/schema\\\/logo\\\/image\\\/\",\"url\":\"https:\\\/\\\/aare-huesi.ch\\\/wp-content\\\/uploads\\\/2025\\\/01\\\/logo-final.png\",\"contentUrl\":\"https:\\\/\\\/aare-huesi.ch\\\/wp-content\\\/uploads\\\/2025\\\/01\\\/logo-final.png\",\"width\":843,\"height\":318,\"caption\":\"Aare H\u00fcsi\"},\"image\":{\"@id\":\"https:\\\/\\\/aare-huesi.ch\\\/fr\\\/#\\\/schema\\\/logo\\\/image\\\/\"}}]}<\/script>\n<!-- \/ Yoast SEO plugin. -->","yoast_head_json":{"title":"Maison de groupe Aare-H\u00fcsi Berne - Aare H\u00fcsi","description":"La maison de groupe dans la r\u00e9serve naturelle de Belpau pr\u00e8s de Berne. Un lieu id\u00e9al pour les semaines d'\u00e9cole de campagne, les camps de vacances et de confirmation, les vacances en famille et les \u00e9v\u00e9nements familiaux. Les cours, ateliers et \u00e9v\u00e9nements avec des enfants et des jeunes sont \u00e9galement les bienvenus.","robots":{"index":"index","follow":"follow","max-snippet":"max-snippet:-1","max-image-preview":"max-image-preview:large","max-video-preview":"max-video-preview:-1"},"canonical":"https:\/\/aare-huesi.ch\/fr\/","og_locale":"fr_FR","og_type":"article","og_title":"Maison de groupe Aare-H\u00fcsi Berne - Aare H\u00fcsi","og_description":"La maison de groupe dans la r\u00e9serve naturelle de Belpau pr\u00e8s de Berne. Un lieu id\u00e9al pour les semaines d'\u00e9cole de campagne, les camps de vacances et de confirmation, les vacances en famille et les \u00e9v\u00e9nements familiaux. Les cours, ateliers et \u00e9v\u00e9nements avec des enfants et des jeunes sont \u00e9galement les bienvenus.","og_url":"https:\/\/aare-huesi.ch\/fr\/","og_site_name":"Aare H\u00fcsi","article_modified_time":"2026-04-21T09:30:55+00:00","og_image":[{"width":2560,"height":1707,"url":"https:\/\/aare-huesi.ch\/wp-content\/uploads\/2024\/10\/huesi-draussen-TODO-size-scaled.jpg","type":"image\/jpeg"}],"twitter_card":"summary_large_image","twitter_misc":{"Dur\u00e9e de lecture estim\u00e9e":"8 minutes"},"schema":{"@context":"https:\/\/schema.org","@graph":[{"@type":"WebPage","@id":"https:\/\/aare-huesi.ch\/fr\/","url":"https:\/\/aare-huesi.ch\/fr\/","name":"Maison de groupe Aare-H\u00fcsi Berne - Aare H\u00fcsi","isPartOf":{"@id":"https:\/\/aare-huesi.ch\/fr\/#website"},"primaryImageOfPage":{"@id":"https:\/\/aare-huesi.ch\/fr\/#primaryimage"},"image":{"@id":"https:\/\/aare-huesi.ch\/fr\/#primaryimage"},"thumbnailUrl":"https:\/\/aare-huesi.ch\/wp-content\/uploads\/2024\/10\/huesi-draussen-TODO-size-scaled.jpg","datePublished":"2025-03-01T12:12:04+00:00","dateModified":"2026-04-21T09:30:55+00:00","description":"La maison de groupe dans la r\u00e9serve naturelle de Belpau pr\u00e8s de Berne. Un lieu id\u00e9al pour les semaines d'\u00e9cole de campagne, les camps de vacances et de confirmation, les vacances en famille et les \u00e9v\u00e9nements familiaux. Les cours, ateliers et \u00e9v\u00e9nements avec des enfants et des jeunes sont \u00e9galement les bienvenus.","breadcrumb":{"@id":"https:\/\/aare-huesi.ch\/fr\/#breadcrumb"},"inLanguage":"fr-FR","potentialAction":[{"@type":"ReadAction","target":["https:\/\/aare-huesi.ch\/fr\/"]}]},{"@type":"ImageObject","inLanguage":"fr-FR","@id":"https:\/\/aare-huesi.ch\/fr\/#primaryimage","url":"https:\/\/aare-huesi.ch\/wp-content\/uploads\/2024\/10\/huesi-draussen-TODO-size-scaled.jpg","contentUrl":"https:\/\/aare-huesi.ch\/wp-content\/uploads\/2024\/10\/huesi-draussen-TODO-size-scaled.jpg","width":2560,"height":1707},{"@type":"BreadcrumbList","@id":"https:\/\/aare-huesi.ch\/fr\/#breadcrumb","itemListElement":[{"@type":"ListItem","position":1,"name":"Startseite","item":"https:\/\/aare-huesi.ch\/fr\/"},{"@type":"ListItem","position":2,"name":"Maison de groupe Aare-H\u00fcsi Berne"}]},{"@type":"WebSite","@id":"https:\/\/aare-huesi.ch\/fr\/#website","url":"https:\/\/aare-huesi.ch\/fr\/","name":"Aare H\u00fcsi - Das Gruppenhaus an der Aare","description":"Ferienhaus an der Aare","publisher":{"@id":"https:\/\/aare-huesi.ch\/fr\/#organization"},"potentialAction":[{"@type":"SearchAction","target":{"@type":"EntryPoint","urlTemplate":"https:\/\/aare-huesi.ch\/fr\/?s={search_term_string}"},"query-input":{"@type":"PropertyValueSpecification","valueRequired":true,"valueName":"search_term_string"}}],"inLanguage":"fr-FR"},{"@type":"Organization","@id":"https:\/\/aare-huesi.ch\/fr\/#organization","name":"Aare H\u00fcsi","url":"https:\/\/aare-huesi.ch\/fr\/","logo":{"@type":"ImageObject","inLanguage":"fr-FR","@id":"https:\/\/aare-huesi.ch\/fr\/#\/schema\/logo\/image\/","url":"https:\/\/aare-huesi.ch\/wp-content\/uploads\/2025\/01\/logo-final.png","contentUrl":"https:\/\/aare-huesi.ch\/wp-content\/uploads\/2025\/01\/logo-final.png","width":843,"height":318,"caption":"Aare H\u00fcsi"},"image":{"@id":"https:\/\/aare-huesi.ch\/fr\/#\/schema\/logo\/image\/"}}]}},"_links":{"self":[{"href":"https:\/\/aare-huesi.ch\/fr\/wp-json\/wp\/v2\/pages\/29696","targetHints":{"allow":["GET"]}}],"collection":[{"href":"https:\/\/aare-huesi.ch\/fr\/wp-json\/wp\/v2\/pages"}],"about":[{"href":"https:\/\/aare-huesi.ch\/fr\/wp-json\/wp\/v2\/types\/page"}],"author":[{"embeddable":true,"href":"https:\/\/aare-huesi.ch\/fr\/wp-json\/wp\/v2\/users\/1"}],"replies":[{"embeddable":true,"href":"https:\/\/aare-huesi.ch\/fr\/wp-json\/wp\/v2\/comments?post=29696"}],"version-history":[{"count":15,"href":"https:\/\/aare-huesi.ch\/fr\/wp-json\/wp\/v2\/pages\/29696\/revisions"}],"predecessor-version":[{"id":29836,"href":"https:\/\/aare-huesi.ch\/fr\/wp-json\/wp\/v2\/pages\/29696\/revisions\/29836"}],"wp:featuredmedia":[{"embeddable":true,"href":"https:\/\/aare-huesi.ch\/fr\/wp-json\/wp\/v2\/media\/29650"}],"wp:attachment":[{"href":"https:\/\/aare-huesi.ch\/fr\/wp-json\/wp\/v2\/media?parent=29696"}],"curies":[{"name":"wp","href":"https:\/\/api.w.org\/{rel}","templated":true}]}}